{"id":134504,"date":"2025-11-06T14:23:17","date_gmt":"2025-11-06T19:23:17","guid":{"rendered":"https:\/\/cscc-sccc.ca\/webinaire-de-lindustrie-quidel-ortho-2025\/"},"modified":"2025-12-23T09:03:38","modified_gmt":"2025-12-23T14:03:38","slug":"webinaire-de-lindustrie-quidel-ortho-2025","status":"publish","type":"page","link":"https:\/\/cscc-sccc.ca\/fr\/webinaire-de-lindustrie-quidel-ortho-2025\/","title":{"rendered":"Webinaire de l\u2019industrie Quidel Ortho 2025"},"content":{"rendered":"<div id=\"advanced-editor-block_41e8ea0407fb9adee2edc197a08f923f\" class=\"wrap-block advanced-editor page_id_134504\">\r\n    <div class=\"grid-container vertical-padding\">\r\n        <div class=\"grid-x\">\r\n            \t\t\t\t\t\r\n                    <div class=\"cell large-12 medium-12 small-12  \" data-column-number=\"1\">\r\n                        <h1><strong>Mise en \u0153uvre du facteur de croissance placentaire (PlGF) dans un centre tertiaire de l\u2019Ouest canadien : association avec les r\u00e9sultats de l\u2019\u00e9chographie et les r\u00e9sultats p\u00e9rinataux.<\/strong><\/h1>\n<p>&nbsp;<\/p>\n<h2><strong>Lundi 10 novembre 2025 \u2022 14 h HNE<\/strong><\/h2>\n<p>&nbsp;<\/p>\n<h3>Commandit\u00e9 par<\/h3>\n<p><a href=\"https:\/\/www.quidelortho.com\/\" target=\"_blank\" rel=\"noopener\"><img loading=\"lazy\" decoding=\"async\" class=\"alignnone size-full wp-image-75115\" src=\"https:\/\/cscc-sccc.ca\/wp-content\/uploads\/qo_logo_hrz_tm_vlt_cmyk-2_350x42-1.gif\" alt=\"Qo Logo Hrz Tm Vlt CMJN 2 350x42\" width=\"350\" height=\"42\"><\/a><\/p>\n<p>&nbsp;<\/p>\n<h3><strong>Vue d\u2019ensemble<\/strong>&nbsp;:<\/h3>\n<p>Le test Quidel\u2122 Triage\u2122 PIGF est utilis\u00e9 en conjonction avec d\u2019autres informations cliniques comme aide au diagnostic de la pr\u00e9\u00e9clampsie pr\u00e9matur\u00e9e et comme aide au pronostic de l\u2019accouchement, chez les femmes pr\u00e9sentant des signes et des sympt\u00f4mes de pr\u00e9\u00e9clampsie apr\u00e8s 20 semaines et avant 35 semaines de gestation.<\/p>\n<h3><strong>Objectifs d\u2019apprentissage :<\/strong><\/h3>\n<p>Apr\u00e8s avoir particip\u00e9 \u00e0 cette session, les participants pourront :<br \/>\n1. \u00c9valuer l\u2019association entre les taux de facteur de croissance placentaire (PlGF), les r\u00e9sultats de l\u2019\u00e9chographie et les r\u00e9sultats p\u00e9rinataux chez une population enceinte \u00e0 risque \u00e9lev\u00e9 dans un centre de<br \/>\nr\u00e9f\u00e9rence tertiaire de l\u2019Ouest canadien.<br \/>\n2. \u00c9valuez les performances pr\u00e9dictives du PlGF.<br \/>\n3. Expliquer les propri\u00e9t\u00e9s des tests PlGF qui profitent \u00e0 la mise en \u0153uvre urbaine et rurale.<\/p>\n<h3><strong>Haut-parleurs:<\/strong><\/h3>\n<table style=\"width: 100%;\" cellspacing=\"5\" cellpadding=\"5\">\n<tbody>\n<tr valign=\"top\">\n<td style=\"width: 39.7328%;\"><img loading=\"lazy\" decoding=\"async\" class=\"wp-image-134460 alignleft\" src=\"https:\/\/cscc-sccc.ca\/wp-content\/uploads\/Ernesto-Figueiro-Filho.jpg\" alt=\"Ernesto Figueiro Filho\" width=\"137\" height=\"206\"><\/p>\n<p><strong>Dr Ernesto A. Figueiro-Filho, MD, PhD<\/strong><\/p>\n<p>Professeur agr\u00e9g\u00e9 et m\u00e9decine materno-f\u0153tale, D\u00e9partement de sp\u00e9cialistes en obst\u00e9trique et gyn\u00e9cologie, Coll\u00e8ge de m\u00e9decine, Universit\u00e9 de la Saskatchewan<\/td>\n<td style=\"width: 1.66945%;\"><\/td>\n<td style=\"width: 32.7212%;\"><img loading=\"lazy\" decoding=\"async\" class=\"wp-image-134462 alignleft\" src=\"https:\/\/cscc-sccc.ca\/wp-content\/uploads\/Joshua-David-Buse.jpg\" alt=\"Joshua David Buse\" width=\"131\" height=\"198\"><\/p>\n<p><strong>Dr Joshua David Buse, Ph. D<\/strong><\/p>\n<p>., biochimiste clinique &#8211; R\u00e9seau de sant\u00e9 de la Saskatchewan ; Professeure adjoint &#8211; Pathologie et m\u00e9decine de laboratoire, Universit\u00e9 de la Saskatchewan<\/p>\n<\/td>\n<\/tr>\n<\/tbody>\n<\/table>\n<p><strong>Il n\u2019y a pas de frais pour assister \u00e0 cette conf\u00e9rence, mais il est n\u00e9cessaire de s\u2019inscrire.<\/strong><\/p>\n<h3><a class=\"theme-button\" href=\"https:\/\/us02web.zoom.us\/webinar\/register\/WN_KJayCMOCTTKrrh9-8DPPrQ\" target=\"_blank\" rel=\"noopener noreferrer\"><span style=\"font-weight: bold; color: #ffffff;\">Inscrivez-vous d\u00e8s maintenant !<\/span><\/a><\/h3>\n                    <\/div>\r\n                        <\/div>\r\n    <\/div><!-- .grid-container -->\r\n<\/div><!-- .wrapBlock.advanced-editor -->","protected":false},"excerpt":{"rendered":"","protected":false},"author":886,"featured_media":0,"parent":0,"menu_order":0,"comment_status":"closed","ping_status":"closed","template":"","meta":{"_acf_changed":false,"footnotes":""},"class_list":["post-134504","page","type-page","status-publish","hentry"],"acf":[],"_links":{"self":[{"href":"https:\/\/cscc-sccc.ca\/fr\/wp-json\/wp\/v2\/pages\/134504","targetHints":{"allow":["GET"]}}],"collection":[{"href":"https:\/\/cscc-sccc.ca\/fr\/wp-json\/wp\/v2\/pages"}],"about":[{"href":"https:\/\/cscc-sccc.ca\/fr\/wp-json\/wp\/v2\/types\/page"}],"author":[{"embeddable":true,"href":"https:\/\/cscc-sccc.ca\/fr\/wp-json\/wp\/v2\/users\/886"}],"replies":[{"embeddable":true,"href":"https:\/\/cscc-sccc.ca\/fr\/wp-json\/wp\/v2\/comments?post=134504"}],"version-history":[{"count":6,"href":"https:\/\/cscc-sccc.ca\/fr\/wp-json\/wp\/v2\/pages\/134504\/revisions"}],"predecessor-version":[{"id":137589,"href":"https:\/\/cscc-sccc.ca\/fr\/wp-json\/wp\/v2\/pages\/134504\/revisions\/137589"}],"wp:attachment":[{"href":"https:\/\/cscc-sccc.ca\/fr\/wp-json\/wp\/v2\/media?parent=134504"}],"curies":[{"name":"wp","href":"https:\/\/api.w.org\/{rel}","templated":true}]}}