{"id":114571,"date":"2014-01-17T17:30:22","date_gmt":"2014-01-17T22:30:22","guid":{"rendered":"https:\/\/cscc-sccc.ca\/event\/2014-conferencier-en-medecine-des-soins-intensifs\/"},"modified":"2024-05-31T12:42:08","modified_gmt":"2024-05-31T16:42:08","slug":"2014-conferencier-en-medecine-des-soins-intensifs","status":"publish","type":"event","link":"https:\/\/cscc-sccc.ca\/fr\/event\/2014-conferencier-en-medecine-des-soins-intensifs\/","title":{"rendered":"2014 Conf\u00e9rencier en m\u00e9decine des soins intensifs"},"content":{"rendered":"<div id=\"advanced-editor-block_5784430123667af291e7eb62a49c0327\" class=\"wrap-block advanced-editor page_id_114571\">\r\n    <div class=\"grid-container vertical-padding\">\r\n        <div class=\"grid-x\">\r\n            \t\t\t\t\t\r\n                    <div class=\"cell large-12 medium-12 small-12  \" data-column-number=\"1\">\r\n                        <p><strong>Webinaire du CSCC sur la m\u00e9decine des soins intensifs <\/strong><\/p>\n<p><strong>Jeudi 13 mars 2014  <\/strong><\/p>\n<p>08 h 30 (Colombie-Britannique) \/ 09 h 30 (Alberta) et SK\/10 h 30 (Manitoba)\/11 h 30 (Ontario) et Qu\u00e9bec\/12 h 30 (Nouvelle-\u00c9cosse) et Nouveau-Brunswick\/13 h 00 (Terre-Neuve-et-Labrador)<\/p>\n<p><em>Commandit\u00e9 par<\/em><\/p>\n<p><a href=\"http:\/\/www.instrumentationlaboratory.com\/ilww\/country%20contacts\/us%20canada%20latin%20america\/canada.aspx\"><img loading=\"lazy\" decoding=\"async\" src=\"https:\/\/cscc-sccc.ca\/wp-content\/uploads\/IL_logo2.jpg\" alt=\"Logo de l\u2019IL2\" width=\"200\" height=\"53\"><\/a><\/p>\n<p>&nbsp;<\/p>\n<p><strong>Informatique avanc\u00e9e en soins intensifs :<\/strong><\/p>\n<p><strong>Le principal d\u00e9fi inh\u00e9rent \u00e0 la conception des unit\u00e9s de soins intensifs<\/strong><\/p>\n<p>Orateur:<\/p>\n<p><strong>Dr Neil A. Halpern (en anglais seulement)<\/strong><\/p>\n<p>Chef de la m\u00e9decine des soins intensifs et directeur m\u00e9dical de la th\u00e9rapie respiratoire<br \/>\nCentre de canc\u00e9rologie Memorial Sloan Kettering, NY<br \/>\nProfesseur de m\u00e9decine et d\u2019anesth\u00e9siologie, Weill Cornell Medical College, NY<\/p>\n<p><strong> <a href=\"images\/Tables rondes\/2013_14\/CCRegistrationForm2014.pdf\">Formulaire d\u2019inscription<\/a><\/strong><\/p>\n<p>Il n\u2019y a pas de frais pour assister \u00e0 cette conf\u00e9rence mais il est n\u00e9cessaire de s\u2019inscrire<\/p>\n<p>Dans cette session, nous explorerons trois objectifs informatiques, le suivi des actifs, la cr\u00e9ation d\u2019une communaut\u00e9 d\u2019appareils virtuels et la transformation de tonnes de donn\u00e9es en informations significatives et exploitables. Ensuite, nous aborderons les d\u00e9fis inh\u00e9rents \u00e0 la r\u00e9alisation de ces objectifs. Il s\u2019agit notamment de construire une enveloppe de connectivit\u00e9 autour du patient, d\u2019associer des appareils et des donn\u00e9es de chevet au patient, d\u2019aborder la synchronisation du temps et de la terminologie et d\u2019appliquer l\u2019interop\u00e9rabilit\u00e9 entre les appareils, les syst\u00e8mes et les intergiciels. Enfin, nous conclurons en examinant le c\u00f4t\u00e9 obscur des donn\u00e9es sombres.<\/p>\n<p>A l&#8217;issue de cette session, les participants seront en mesure de :<\/p>\n<p>1) Comprendre le suivi des actifs, les communaut\u00e9s d\u2019appareils virtuels et la transformation des donn\u00e9es.<br \/>\n2) Appr\u00e9cier les d\u00e9fis inh\u00e9rents \u00e0 la conception et \u00e0 l\u2019interaction avec une unit\u00e9 de soins intensifs \u00ab charg\u00e9e \u00bb de syst\u00e8mes et de solutions informatiques avanc\u00e9s.<\/p>\n<p><strong>Neil A Halpern MD<\/strong> est chef de la m\u00e9decine des soins intensifs et directeur m\u00e9dical de la th\u00e9rapie respiratoire au Memorial Sloan Kettering Cancer Center, NY. Il est professeur de m\u00e9decine et d\u2019anesth\u00e9siologie au Weill Cornell Medical College, NY, titulaire d\u2019une ma\u00eetrise en m\u00e9decine des soins intensifs et membre de l\u2019American Colleges of Physicians and Chest Physicians. Il est membre du comit\u00e9 de r\u00e9daction de Critical Care Medicine et est un auteur et un conf\u00e9rencier prolifique sp\u00e9cialis\u00e9 dans les innovations dans la conception des unit\u00e9s de soins intensifs, l\u2019informatique avanc\u00e9e des unit\u00e9s de soins intensifs, le co\u00fbt et l\u2019utilisation des soins intensifs en Am\u00e9rique, l\u2019utilisation d\u2019infirmi\u00e8res praticiennes et d\u2019assistants m\u00e9dicaux dans les soins intensifs et les tests sur le lieu des soins. Son unit\u00e9 de soins intensifs m\u00e9dico-chirurgicaux pour adultes de 20 lits a re\u00e7u la citation nationale de conception de l\u2019unit\u00e9 de soins intensifs pour 2009. Il est \u00e9galement consultant aupr\u00e8s de plusieurs soci\u00e9t\u00e9s d\u2019informatique et de tests au point de service et pr\u00e9sident de Critical Care Designs, un groupe de consultation en conception d\u2019unit\u00e9s de soins intensifs bas\u00e9 \u00e0 New York.<\/p>\n                    <\/div>\r\n                        <\/div>\r\n    <\/div><!-- .grid-container -->\r\n<\/div><!-- .wrapBlock.advanced-editor -->","protected":false},"featured_media":107777,"template":"","class_list":["post-114571","event","type-event","status-publish","has-post-thumbnail","hentry"],"acf":[],"_links":{"self":[{"href":"https:\/\/cscc-sccc.ca\/fr\/wp-json\/wp\/v2\/event\/114571","targetHints":{"allow":["GET"]}}],"collection":[{"href":"https:\/\/cscc-sccc.ca\/fr\/wp-json\/wp\/v2\/event"}],"about":[{"href":"https:\/\/cscc-sccc.ca\/fr\/wp-json\/wp\/v2\/types\/event"}],"wp:featuredmedia":[{"embeddable":true,"href":"https:\/\/cscc-sccc.ca\/fr\/wp-json\/wp\/v2\/media\/107777"}],"wp:attachment":[{"href":"https:\/\/cscc-sccc.ca\/fr\/wp-json\/wp\/v2\/media?parent=114571"}],"curies":[{"name":"wp","href":"https:\/\/api.w.org\/{rel}","templated":true}]}}