{"id":114564,"date":"2016-03-14T16:16:55","date_gmt":"2016-03-14T20:16:55","guid":{"rendered":"https:\/\/cscc-sccc.ca\/event\/progres-en-medecine-de-laboratoire-et-en-pathobiologie-2016\/"},"modified":"2024-05-31T12:41:39","modified_gmt":"2024-05-31T16:41:39","slug":"progres-en-medecine-de-laboratoire-et-en-pathobiologie-2016","status":"publish","type":"event","link":"https:\/\/cscc-sccc.ca\/fr\/event\/progres-en-medecine-de-laboratoire-et-en-pathobiologie-2016\/","title":{"rendered":"Progr\u00e8s en m\u00e9decine de laboratoire et en pathobiologie 2016"},"content":{"rendered":"<div id=\"advanced-editor-block_50f6174583f959e4b632452fb3a687e4\" class=\"wrap-block advanced-editor page_id_114564\">\r\n    <div class=\"grid-container vertical-padding\">\r\n        <div class=\"grid-x\">\r\n            \t\t\t\t\t\r\n                    <div class=\"cell large-12 medium-12 small-12  \" data-column-number=\"1\">\r\n                        <h3>sous les auspices de la Soci\u00e9t\u00e9 internationale d\u2019enzymologie<br \/>\nMilos, Gr\u00e8ce \u2502 1-4 juillet 2016<\/h3>\n<p>&nbsp;<\/p>\n<h3>DATES IMPORTANTES<\/h3>\n<ul>\n<li><strong>Date limite d\u2019inscription h\u00e2tive : 31 mars 2016<\/strong><\/li>\n<li><strong>Date limite de soumission des r\u00e9sum\u00e9s : 31 mai 2016<\/strong><\/li>\n<\/ul>\n<p>&nbsp;<\/p>\n<h3>POUR PLUS D\u2019INFORMATIONS<\/h3>\n<ul>\n<li><a href=\"http:\/\/ise.biol.uoa.gr\/Upcoming%20Scientific%20events.html\" target=\"_blank\" rel=\"noopener\"><strong>Visitez le site Web de la conf\u00e9rence  <\/strong><\/a><\/li>\n<li><a href=\"http:\/\/ise.biol.uoa.gr\/files\/ISE2016%20Registration%20and%20Accommodation%20Form.docx\"><br \/>\n  <strong>Remplir et soumettre le formulaire<\/strong><br \/>\n<\/a><em><br \/>\nd\u2019inscription \u00e0 la conf\u00e9rence Maximum de 50 inscrits, selon le principe du premier arriv\u00e9, premier servi<\/em><\/li>\n<li><a href=\"mailto:Agoddard@mtsinai.on.ca?subject=Advances%20in%20Laboratory%20medicine%20and%20Pthobiology%202016\"><strong>Contactez Amanda Goddard (adjointe administrative du Dr Diamandis)<\/strong><\/a><\/li>\n<\/ul>\n<p>&nbsp;<\/p>\n<h3>COMMUNIQU\u00c9S DE PRESSE<\/h3>\n<hr>\n<p><strong>ANNONCES FINALES<\/strong><br \/>\n<em>post\u00e9 le 16 mai 2016<\/em><\/p>\n<p>Les d\u00e9tails de notre conf\u00e9rence intitul\u00e9e \u00ab Avanc\u00e9es en m\u00e9decine de laboratoire et en pathobiologie 2016 \u00bb sont maintenant finalis\u00e9s. Notre conf\u00e9rence se tiendra sur la magnifique \u00eele grecque de Syros du vendredi 1er juillet au lundi 4 juillet 2016. Permettez-moi \u00e9galement de vous rappeler que nous aurons un d\u00eener de gala et une c\u00e9r\u00e9monie d\u2019ouverture le 29 juin 2016 \u00e0 l\u2019h\u00f4tel Divani Caravel \u00e0 Ath\u00e8nes. Au cours de cette c\u00e9r\u00e9monie d\u2019ouverture, nous assisterons \u00e0 une performance en direct du c\u00e9l\u00e8bre musicien grec M. Stavros Xarhakos et de son orchestre. C\u2019est un \u00e9v\u00e9nement \u00e0 ne pas manquer et je vous encourage tous \u00e0 y participer. Les billets sont limit\u00e9s \u00e0 seulement 50 \u00e0 100 euros chacun.<\/p>\n<p>Veuillez vous rendre sur le site Web de notre http:\/\/ise.biol.uoa.gr de conf\u00e9rence pour vous inscrire, r\u00e9server votre h\u00f4tel et acheter vos billets pour le d\u00eener de gala. Il reste encore quelques places disponibles.<\/p>\n<table border=\"0\">\n<tbody>\n<tr>\n<td colspan=\"2\"><strong>Intervenants confirm\u00e9s<\/strong><\/td>\n<\/tr>\n<tr>\n<td valign=\"top\" width=\"50%\">Eleftherios P. Diamandis (Canada)<br \/>\nPetr Jarolim (\u00c9tats-Unis)<br \/>\nKhosrow Adeli (Canada)<br \/>\nMichael Oellerich (Allemagne)<br \/>\nSteven Boyages (Australie)<br \/>\nNaciye Leyla Acan (Turquie)<br \/>\nFrancesco Salvatore (Italie)<br \/>\nIvan Brandslund (Danemark)<\/td>\n<td width=\"50%\">George Yousef (Canada)<br \/>\nMargaret Fahnestock (Canada)<br \/>\nEnrique de la Morena (Espagne)<br \/>\nSpiros Garbis (Angleterre)<br \/>\nArsani Yousef (Canada)<br \/>\nGeorgia Sotiropoulou (Gr\u00e8ce)<br \/>\nAndreas Scorilas (Gr\u00e8ce)<\/td>\n<\/tr>\n<\/tbody>\n<\/table>\n<p>Cordialement, les organisateurs :<\/p>\n<blockquote><p>Dr E.P. Diamandis<br \/>\nDr A. Scorilas \u2013 Pr\u00e9sident, Comit\u00e9 organisateur<\/p><\/blockquote>\n<hr>\n<p><strong>SITE WEB ET ANNONCE DU GALA<\/strong><br \/>\n<em>post\u00e9 le 14 mars 2016<\/em><\/p>\n<p>Nous sommes tr\u00e8s heureux d\u2019annoncer que le site web de notre prochaine conf\u00e9rence 2016 sur l\u2019\u00eele grecque de Syros est maintenant actif.<br \/>\nVeuillez visiter <a href=\"http:\/\/ise.biol.uoa.gr\"><br \/>\n  <strong>http:\/\/ise.biol.uoa.gr<\/strong><br \/>\n<\/a> et cliquer sur <em><br \/>\n  <strong>\u00c9v\u00e9nements scientifiques \u00e0 venir \u2013 ISE 2016<\/strong><br \/>\n<\/em>.<\/p>\n<p>Nous aimerions attirer votre attention sur notre \u00e9v\u00e9nement majeur, la c\u00e9r\u00e9monie de <strong>remise des prix de l\u2019ISE et le d\u00eener de gala le 29 juin<\/strong> \u00e0 Ath\u00e8nes. Il s\u2019agira de la c\u00e9r\u00e9monie d\u2019ouverture et du d\u00eener de gala du symposium. Cette ann\u00e9e, nous remettrons un prix au compositeur grec de renomm\u00e9e mondiale <strong>, M. Stavros Xarhakos<\/strong>. M. Xarhakos a accept\u00e9 non seulement de recevoir le prix, mais aussi de jouer sa musique en direct, avec un petit groupe de musiciens qu\u2019il am\u00e8nera au d\u00eener, y compris Bouzouki en direct. Il s\u2019agit d\u2019un \u00e9v\u00e9nement <strong>\u00e0 ne<\/strong> <strong>pas manquer<\/strong> et nous vous recommandons fortement de vous inscrire sur le site Web. Les billets co\u00fbtent 100 euros par personne et comprennent le d\u00eener.<\/p>\n<p>Veuillez <a href=\"http:\/\/ise.biol.uoa.gr\/files\/ISE2016%20Registration%20and%20Accommodation%20Form.docx\"><br \/>\n  <strong>remplir le formulaire d\u2019inscription pour vous<\/strong><br \/>\n<\/a> inscrire \u00e0 la conf\u00e9rence, au gala et pour r\u00e9server votre ou vos chambres d\u2019h\u00f4tel. Les prix de l\u2019h\u00f4tel sont une aubaine absolue et comprennent le petit-d\u00e9jeuner, le d\u00e9jeuner et le d\u00eener, \u00e0 partir de 90 euros ! Si vous avez des difficult\u00e9s avec ce formulaire, ou si vous avez besoin de renseignements suppl\u00e9mentaires, veuillez nous en informer.<\/p>\n<p>Nous attendons avec impatience une grande c\u00e9r\u00e9monie d\u2019ouverture \u00e0 Ath\u00e8nes et une grande r\u00e9union sur la belle \u00eele de Syros.<\/p>\n<p>Le programme du symposium est en cours de finalisation et sera distribu\u00e9 ult\u00e9rieurement.<\/p>\n<p>Avec les meilleurs v\u0153ux des organisateurs,<\/p>\n<blockquote><p>Dr Daniel Chan, pr\u00e9sident de l\u2019ISE<br \/>\nDr E.P. Diamandis, ancien pr\u00e9sident de l\u2019ISE<br \/>\nDr A Scorilas, pr\u00e9sident, Comit\u00e9 organisateur local<\/p><\/blockquote>\n<hr>\n<p><strong>MARQUEZ VOS CALENDRIERS<\/strong><br \/>\n<em>Publi\u00e9 le 15 septembre 2015<\/em><\/p>\n<p>Apr\u00e8s le succ\u00e8s de notre conf\u00e9rence annuelle de 2015 sur l\u2019\u00eele de Corfou, en Gr\u00e8ce, nous annon\u00e7ons maintenant notre prochaine conf\u00e9rence annuelle 2016. La conf\u00e9rence aura lieu sur la magnifique \u00eele de Milos, en Gr\u00e8ce, entre le vendredi 1er juillet et le lundi 4 juillet 2016.<\/p>\n<p>Comme d\u2019habitude, les principes directeurs de cette conf\u00e9rence annuelle sont les suivants : <em><br \/>\n  <strong>La science de pointe li\u00e9e \u00e0 tous les aspects de la m\u00e9decine de laboratoire et de la pathobiologie<\/strong><br \/>\n<\/em>, dans un endroit merveilleux avec un nombre limit\u00e9 de participants. Comme l\u2019ann\u00e9e derni\u00e8re, la r\u00e9union sera limit\u00e9e \u00e0 un maximum de 50 inscrits, selon le principe du premier arriv\u00e9, premier servi. Tous les participants seront responsables de leurs d\u00e9penses et seront invit\u00e9s \u00e0 pr\u00e9senter sur un sujet de leur choix, s\u2019ils le pr\u00e9f\u00e8rent.<\/p>\n<p>\u00c0 ce stade, nous aimerions savoir si vous \u00eates int\u00e9ress\u00e9 \u00e0 participer, afin que nous puissions vous r\u00e9server une place. Les annonces futures fourniront plus de d\u00e9tails sur la conf\u00e9rence. Les frais d\u2019inscription seront de 350 euros et comprendront un d\u00eener pour le participant et son conjoint. Les conjoints seront inscrits gratuitement.<\/p>\n<p>Veuillez r\u00e9pondre par courriel \u00e0 <a href=\"mailto:Agoddard@mtsinai.on.ca?subject=Advances%20in%20Laboratory%20medicine%20and%20Pthobiology%202016\"><br \/>\n  <strong>Amanda Goddard<\/strong><br \/>\n<\/a>, adjointe administrative du Dr Diamandis.<\/p>\n<p>Avec les meilleurs v\u0153ux des organisateurs,<\/p>\n<blockquote><p>Dr Daniel Chan, pr\u00e9sident de l\u2019ISE<br \/>\nDr E.P. Diamandis, ancien pr\u00e9sident de l\u2019ISE<br \/>\nDr A Scorilas, pr\u00e9sident, Comit\u00e9 organisateur local<\/p><\/blockquote>\n                    <\/div>\r\n                        <\/div>\r\n    <\/div><!-- .grid-container -->\r\n<\/div><!-- .wrapBlock.advanced-editor -->","protected":false},"featured_media":0,"template":"","class_list":["post-114564","event","type-event","status-publish","hentry"],"acf":[],"_links":{"self":[{"href":"https:\/\/cscc-sccc.ca\/fr\/wp-json\/wp\/v2\/event\/114564","targetHints":{"allow":["GET"]}}],"collection":[{"href":"https:\/\/cscc-sccc.ca\/fr\/wp-json\/wp\/v2\/event"}],"about":[{"href":"https:\/\/cscc-sccc.ca\/fr\/wp-json\/wp\/v2\/types\/event"}],"wp:attachment":[{"href":"https:\/\/cscc-sccc.ca\/fr\/wp-json\/wp\/v2\/media?parent=114564"}],"curies":[{"name":"wp","href":"https:\/\/api.w.org\/{rel}","templated":true}]}}