{"id":114562,"date":"2018-11-05T02:06:20","date_gmt":"2018-11-05T07:06:20","guid":{"rendered":"https:\/\/cscc-sccc.ca\/event\/conference-speciale-covid-19-17-septembre-2020\/"},"modified":"2024-05-31T12:40:09","modified_gmt":"2024-05-31T16:40:09","slug":"conference-speciale-covid-19-17-septembre-2020","status":"publish","type":"event","link":"https:\/\/cscc-sccc.ca\/fr\/event\/conference-speciale-covid-19-17-septembre-2020\/","title":{"rendered":"Conf\u00e9rence sp\u00e9ciale COVID-19 17 septembre 2020"},"content":{"rendered":"<div id=\"advanced-editor-block_65512254438b0229b5557616f1952b4a\" class=\"wrap-block advanced-editor page_id_114562\">\r\n    <div class=\"grid-container vertical-padding\">\r\n        <div class=\"grid-x\">\r\n            \t\t\t\t\t\r\n                    <div class=\"cell large-12 medium-12 small-12  \" data-column-number=\"1\">\r\n                        <p><strong>Charg\u00e9 de cours sp\u00e9cial du SCCS<\/strong><\/p>\n<p><strong>Jeudi 17 septembre 2020<\/strong><\/p>\n<p>14 h 00 HE<\/p>\n<p><em>Commandit\u00e9 par<\/em><\/p>\n<p><a href=\"http:\/\/www.rochecanada.com\/\" target=\"_blank\" rel=\"noopener noreferrer\"><img decoding=\"async\" src=\"https:\/\/cscc-sccc.ca\/wp-content\/uploads\/Roche_logo-2.gif\" alt=\"Logo de Roche\"><\/a><\/p>\n<p><strong>  Exp\u00e9rience des laboratoires cliniques canadiens en mati\u00e8re de tests s\u00e9rologiques li\u00e9s \u00e0 la COVID-19<\/strong><\/p>\n<p><a href=\"#regnsept17\">INSCRIPTION<\/a><\/p>\n<p>Haut-parleurs:<\/p>\n<p><strong>Dre Julie Shaw<\/strong><br \/>\nChef, Division de biochimie, L\u2019H\u00f4pital d\u2019Ottawa et ALREO, Ottawa (Ontario)<\/p>\n<p><strong>Dr Christopher McCudden (en anglais seulement)<\/strong><br \/>\nBiochimiste clinique, Association des laboratoires r\u00e9gionaux de l\u2019Est de l\u2019Ontario<\/p>\n<p><strong>Dr Vilte Barakauskas<\/strong><br \/>\nBiochimiste clinique, H\u00f4pital pour enfants et femmes de la Colombie-Britannique, Vancouver (Colombie-Britannique)<\/p>\n<p>Programme:<\/p>\n<p><strong>Validation du test SARS-CoV-2 et s\u00e9ropr\u00e9valence chez les travailleurs de la sant\u00e9<br \/>\n<a href=\"tables-rondes sur l\u2019\u00e9ducation#JShaw\" target=\"_blank\" rel=\"noopener\"><em>Dre Julie Shaw<\/em><\/a><\/strong><\/p>\n<p>Je discuterai des donn\u00e9es de validation internes pour trois tests commerciaux. Je discuterai ensuite des donn\u00e9es d\u2019une \u00e9tude que nous menons sur la s\u00e9ropr\u00e9valence des anticorps contre le SRAS-CoV-2 chez les travailleurs de la sant\u00e9 de L\u2019H\u00f4pital d\u2019Ottawa. Cette \u00e9tude comporte deux phases. La phase 1 se concentre sur les travailleurs de la sant\u00e9 qui ont d\u00e9j\u00e0 \u00e9t\u00e9 test\u00e9s positifs \u00e0 la COVID-19 par RT-PCR. La phase 2 se concentre sur les travailleurs de la sant\u00e9 travaillant dans des zones de l\u2019h\u00f4pital consid\u00e9r\u00e9es comme pr\u00e9sentant un risque \u00e9lev\u00e9 d\u2019exposition en raison des populations de patients desservies.<\/p>\n<p>Objectifs d\u2019apprentissage :<br \/>\nA l&#8217;issue de cette session, les participants seront en mesure de :<br \/>\n1) d\u00e9crire les \u00e9l\u00e9ments \u00e0 inclure dans la validation d\u2019un test s\u00e9rologique tel que celui du SARS-CoV-2<br \/>\n2) d\u00e9crire les limites de ces types de validations<br \/>\n3) appr\u00e9cier l\u2019utilit\u00e9 des tests s\u00e9rologiques bas\u00e9s sur des donn\u00e9es de sensibilit\u00e9 et de sp\u00e9cificit\u00e9.<\/p>\n<p><strong>Exp\u00e9rience des laboratoires cliniques canadiens en mati\u00e8re de tests s\u00e9rologiques li\u00e9s \u00e0 la COVID-19<br \/>\n<a href=\"tables-rondes sur l\u2019\u00e9ducation#CMcCudden\" target=\"_blank\" rel=\"noopener\"><em>Dr Christopher McCudden (en anglais seulement)<\/em><\/a><\/strong><\/p>\n<p>Cette pr\u00e9sentation d\u00e9crira une \u00e9tude de recherche sur la pr\u00e9valence et la durabilit\u00e9 des anticorps contre le SRAS-CoV-2 dans l\u2019Est de l\u2019Ontario.<br \/>\nObjectifs de l\u2019\u00e9tude :<br \/>\n1) quantifier le nombre de r\u00e9sidents de l\u2019Est de l\u2019Ontario qui ont \u00e9t\u00e9 expos\u00e9s au SRAS-CoV-2, qui ont eu une r\u00e9ponse immunitaire (symptomatique ou asymptomatique) et qui sont porteurs d\u2019anticorps contre le SRAS-CoV-2<br \/>\n2) caract\u00e9riser la mont\u00e9e et la baisse des anticorps au fil du temps dans une<\/p>\n<p>Objectifs d\u2019apprentissage :<br \/>\nA l&#8217;issue de cette session, les participants seront en mesure de :<br \/>\n1) d\u00e9crire comment la s\u00e9ropr\u00e9valence peut \u00eatre estim\u00e9e<br \/>\n2) \u00e9num\u00e9rer les d\u00e9fis et les avantages des \u00e9tudes de s\u00e9ropr\u00e9voyance<br \/>\n3) d\u00e9crire la pr\u00e9valence des anticorps contre le SRAS-CoV-2 dans l\u2019Est de l\u2019Ontario<\/p>\n<p><strong>Mesure des anticorps contre la COVID-19 &#8211; Quand, pourquoi et comment<\/strong><br \/>\n<a href=\"Tables rondes sur l\u2019\u00e9ducation#VBarakauskas\" target=\"_blank\" rel=\"noopener\"><em>Dr Vilte Baraskauskas<\/em><\/a><\/p>\n<p>Cette session donnera un aper\u00e7u de la r\u00e9ponse immunitaire humorale \u00e0 l\u2019infection par la COVID-19 et de son lien avec les performances et l\u2019utilit\u00e9 des tests s\u00e9rologiques du SRAS-CoV-2. Les recommandations canadiennes pour la validation et l\u2019utilisation des tests seront examin\u00e9es et les donn\u00e9es et exp\u00e9riences r\u00e9centes du monde r\u00e9el en mati\u00e8re de validation et de performance des tests seront r\u00e9sum\u00e9es.<\/p>\n<p>Objectifs d\u2019apprentissage :<br \/>\nA l&#8217;issue de cette session, les participants seront en mesure de :<br \/>\n1) d\u00e9crire comment notre compr\u00e9hension actuelle de la r\u00e9ponse des anticorps pendant l\u2019infection par la COVID-19 est li\u00e9e \u00e0 l\u2019utilit\u00e9 des tests s\u00e9rologiques<br \/>\n2) examiner ce que l\u2019on sait des performances des tests s\u00e9rologiques CoV-2<br \/>\n3) d\u00e9crire les facteurs \u00e0 prendre en compte dans l\u2019\u00e9valuation des tests s\u00e9rologiques COVID-a9.<\/p>\n<p>&nbsp;<\/p>\n<p><strong><a id=\"regnsept17\"><\/a>Il n\u2019y a pas de frais pour assister \u00e0 cette conf\u00e9rence mais il est n\u00e9cessaire de s\u2019inscrire  <\/strong><\/p>\n                    <\/div>\r\n                        <\/div>\r\n    <\/div><!-- .grid-container -->\r\n<\/div><!-- .wrapBlock.advanced-editor -->","protected":false},"featured_media":107779,"template":"","class_list":["post-114562","event","type-event","status-publish","has-post-thumbnail","hentry"],"acf":[],"_links":{"self":[{"href":"https:\/\/cscc-sccc.ca\/fr\/wp-json\/wp\/v2\/event\/114562","targetHints":{"allow":["GET"]}}],"collection":[{"href":"https:\/\/cscc-sccc.ca\/fr\/wp-json\/wp\/v2\/event"}],"about":[{"href":"https:\/\/cscc-sccc.ca\/fr\/wp-json\/wp\/v2\/types\/event"}],"wp:featuredmedia":[{"embeddable":true,"href":"https:\/\/cscc-sccc.ca\/fr\/wp-json\/wp\/v2\/media\/107779"}],"wp:attachment":[{"href":"https:\/\/cscc-sccc.ca\/fr\/wp-json\/wp\/v2\/media?parent=114562"}],"curies":[{"name":"wp","href":"https:\/\/api.w.org\/{rel}","templated":true}]}}