{"id":114557,"date":"2018-11-05T02:06:20","date_gmt":"2018-11-05T07:06:20","guid":{"rendered":"https:\/\/cscc-sccc.ca\/event\/conference-2022-sur-la-medecine-des-soins-intensifs\/"},"modified":"2024-05-31T12:38:00","modified_gmt":"2024-05-31T16:38:00","slug":"conference-2022-sur-la-medecine-des-soins-intensifs","status":"publish","type":"event","link":"https:\/\/cscc-sccc.ca\/fr\/event\/conference-2022-sur-la-medecine-des-soins-intensifs\/","title":{"rendered":"Conf\u00e9rence 2022 sur la m\u00e9decine des soins intensifs"},"content":{"rendered":"<div id=\"advanced-editor-block_0c81984eddd71d7bf0bc54382f07754e\" class=\"wrap-block advanced-editor page_id_114557\">\r\n    <div class=\"grid-container vertical-padding\">\r\n        <div class=\"grid-x\">\r\n            \t\t\t\t\t\r\n                    <div class=\"cell large-12 medium-12 small-12  \" data-column-number=\"1\">\r\n                        <p><strong>Webinaire du CSCC sur la m\u00e9decine des soins intensifs <\/strong><\/p>\n<p><strong>Jeudi 7 avril 2022<\/strong><\/p>\n<p>08 h 30 PT \/ 09 h 30 MT \/ 10 h 30 CT \/ 11 h 30 HE \/ 12 H 30 AT \/ 13 H 00 NL<\/p>\n<p><em>Commandit\u00e9 par<\/em><\/p>\n<p><a href=\"http:\/\/www.rochecanada.com\/\" target=\"_blank\" rel=\"noopener noreferrer\"><img decoding=\"async\" src=\"https:\/\/cscc-sccc.ca\/wp-content\/uploads\/Roche_logo-2.gif\" alt=\"Logo de Roche\"><\/a><\/p>\n<p><b>Consid\u00e9rations de laboratoire pour les essais d\u2019intervention en cas de catastrophe : le\u00e7ons apprises et pr\u00e9paration \u00e0 la prochaine crise<\/b><\/p>\n<table cellspacing=\"5\" cellpadding=\"5\">\n<tbody>\n<tr>\n<td>La pand\u00e9mie de COVID-19 a mis en \u00e9vidence le r\u00f4le important de la m\u00e9decine de laboratoire pour les tests d\u2019urgence ou d\u2019intervention en cas de catastrophe. Au cours des 20 derni\u00e8res ann\u00e9es, les catastrophes naturelles, les pand\u00e9mies et les troubles sociaux ont forc\u00e9 les \u00e9tablissements de sant\u00e9 \u00e0 \u00e9laborer des plans d\u2019urgence. Les laboratoires jouent un r\u00f4le central dans la planification, bon nombre de ces sc\u00e9narios n\u00e9cessitant divers degr\u00e9s de tests m\u00e9dicaux, y compris des exigences diagnostiques parfois non conventionnelles. Cette pr\u00e9sentation donnera un aper\u00e7u des catastrophes actuelles et pass\u00e9es et de la fa\u00e7on dont les tests en laboratoire ont \u00e9t\u00e9 utilis\u00e9s. Nous discuterons des meilleures pratiques et des orientations futures pour aider les professionnels de laboratoire \u00e0 planifier la prochaine crise.<\/td>\n<td rowspan=\"3\"><img loading=\"lazy\" decoding=\"async\" src=\"https:\/\/cscc-sccc.ca\/wp-content\/uploads\/TranNK_150w.jpg\" alt=\"TranNK 150w\" width=\"150\" height=\"183\"><\/td>\n<\/tr>\n<tr>\n<td>\u00c0 l\u2019issue de cette session, les participants seront en mesure de :<br \/>\n1) d\u00e9crire les diff\u00e9rentes modalit\u00e9s de tests m\u00e9dicaux utilis\u00e9es pour les tests de catastrophe<br \/>\n2) comparer les strat\u00e9gies de test et les meilleures pratiques pour diff\u00e9rents sc\u00e9narios de catastrophe<br \/>\n3) d\u00e9crire les orientations futures des tests d\u2019intervention en cas de catastrophe<\/td>\n<\/tr>\n<tr>\n<td><\/td>\n<\/tr>\n<tr>\n<td>Le Dr Tran est professeur et directeur principal de la pathologie clinique \u00e0 UC Davis Health, avec une expertise en chimie clinique, en toxicologie, en diagnostic mol\u00e9culaire des maladies infectieuses et en tests sur le lieu des soins. Il a obtenu un doctorat en pathologie compar\u00e9e en 2008. Au cours de ses \u00e9tudes sup\u00e9rieures et de sa formation postdoctorale de 2009 \u00e0 2011, il s\u2019est concentr\u00e9 sur le d\u00e9veloppement de tests mol\u00e9culaires de maladies infectieuses dans le cadre du r\u00e9seau de recherche sur les technologies au point de service NIH\/NIBIB &#8211; qui entrerait finalement en jeu en 2020 tout en \u00e9tant le principal architecte de la strat\u00e9gie de test COVID-19 de l\u2019UC Davis Health contre le COVID-19.<\/td>\n<td>Orateur:<\/p>\n<p><b>Nam K. Tran<\/b>, PhD<br \/>\nProfesseur et directeur principal de pathologie clinique<br \/>\n\u00c9cole de m\u00e9decine de l\u2019UC Davis<\/p>\n<p>&nbsp;<\/p>\n<p>&nbsp;<\/td>\n<\/tr>\n<\/tbody>\n<\/table>\n<p>&nbsp;<\/p>\n<p><strong>Il n\u2019y a pas de frais pour assister \u00e0 cette conf\u00e9rence mais il est n\u00e9cessaire de s\u2019inscrire  <\/strong><\/p>\n<p>&nbsp;<\/p>\n<p>&nbsp;<\/p>\n                    <\/div>\r\n                        <\/div>\r\n    <\/div><!-- .grid-container -->\r\n<\/div><!-- .wrapBlock.advanced-editor -->","protected":false},"featured_media":107779,"template":"","class_list":["post-114557","event","type-event","status-publish","has-post-thumbnail","hentry"],"acf":[],"_links":{"self":[{"href":"https:\/\/cscc-sccc.ca\/fr\/wp-json\/wp\/v2\/event\/114557","targetHints":{"allow":["GET"]}}],"collection":[{"href":"https:\/\/cscc-sccc.ca\/fr\/wp-json\/wp\/v2\/event"}],"about":[{"href":"https:\/\/cscc-sccc.ca\/fr\/wp-json\/wp\/v2\/types\/event"}],"wp:featuredmedia":[{"embeddable":true,"href":"https:\/\/cscc-sccc.ca\/fr\/wp-json\/wp\/v2\/media\/107779"}],"wp:attachment":[{"href":"https:\/\/cscc-sccc.ca\/fr\/wp-json\/wp\/v2\/media?parent=114557"}],"curies":[{"name":"wp","href":"https:\/\/api.w.org\/{rel}","templated":true}]}}