{"id":114545,"date":"2018-11-05T02:59:10","date_gmt":"2018-11-05T07:59:10","guid":{"rendered":"https:\/\/cscc-sccc.ca\/event\/conference-2019-sur-les-maladies-cardiovasculaires\/"},"modified":"2024-05-31T12:41:00","modified_gmt":"2024-05-31T16:41:00","slug":"conference-2019-sur-les-maladies-cardiovasculaires","status":"publish","type":"event","link":"https:\/\/cscc-sccc.ca\/fr\/event\/conference-2019-sur-les-maladies-cardiovasculaires\/","title":{"rendered":"Conf\u00e9rence 2019 sur les maladies cardiovasculaires"},"content":{"rendered":"<div id=\"advanced-editor-block_839d63450982b970dca8ff71f6674087\" class=\"wrap-block advanced-editor page_id_114545\">\r\n    <div class=\"grid-container vertical-padding\">\r\n        <div class=\"grid-x\">\r\n            \t\t\t\t\t\r\n                    <div class=\"cell large-12 medium-12 small-12  \" data-column-number=\"1\">\r\n                        <p><strong>Conf\u00e9rence webinaire du CCSC sur les maladies cardiovasculaires  <\/strong><\/p>\n<p><strong>Jeudi 7 f\u00e9vrier 2019<\/strong><\/p>\n<p>11 h 00 PT \/ 12 h 00 HR \/ 13 h 00 CT \/ 14 h 00 HE \/ 15 H 00 AT \/ 15 H 30 NL<\/p>\n<p>&nbsp;<\/p>\n<p><em>Commandit\u00e9 par<\/em><\/p>\n<p><a href=\"https:\/\/www.ca.abbott\/\" target=\"_blank\" rel=\"noopener noreferrer\"><img decoding=\"async\" src=\"https:\/\/cscc-sccc.ca\/wp-content\/uploads\/abbott150x50.jpg\" alt=\"Laboratoires Abbott\"><\/a><\/p>\n<p>&nbsp;<\/p>\n<p><strong>La quatri\u00e8me \u00e9dition de la d\u00e9finition universelle de l\u2019IM : consensus et controverse<\/strong><\/p>\n<p>Orateur:<\/p>\n<p><strong>Dr Joseph Alpert, M.D.<\/strong><br \/>\nprofesseur de m\u00e9decine, facult\u00e9 de m\u00e9decine de l\u2019Universit\u00e9 de l\u2019Arizona, Tucson, Arizona ;<br \/>\nR\u00e9dacteur en chef, The American Journal of Medicine<\/p>\n<p>&nbsp;<\/p>\n<p><strong><em>Il n\u2019y a pas de frais pour assister \u00e0 cette conf\u00e9rence mais il est n\u00e9cessaire de s\u2019inscrire (faites d\u00e9filer vers le bas).<\/em><\/strong><\/p>\n<p>&nbsp;<\/p>\n<p>La 4e \u00e9dition de la d\u00e9finition universelle de l\u2019EM contient un certain nombre de nouveaux concepts :<\/p>\n<ol>\n<li>L\u00e9sion myocardique non isch\u00e9mique ;<\/li>\n<li>Diff\u00e9rencier l\u2019IM de type 1 du type 2 ;<\/li>\n<li>L\u2019utilisation du dosage de la troponine \u00e0 haute sensibilit\u00e9&nbsp;;<\/li>\n<li>L\u2019utilisation de l\u2019IRM et d\u2019autres entit\u00e9s diagnostiques dans le diagnostic de l\u2019IM.<\/li>\n<\/ol>\n<p>Le groupe de travail qui a pr\u00e9par\u00e9 le document est parvenu \u00e0 un consensus sur de nombreuses questions. Cependant, des zones de controverse demeurent.<\/p>\n<p>&nbsp;<\/p>\n<p><strong>Objectifs d\u2019apprentissage :<\/strong><\/p>\n<p>A l&#8217;issue de cette session, les participants seront en mesure de :<\/p>\n<ol>\n<li>D\u00e9crire le concept de l\u00e9sion myocardique non isch\u00e9mique.<\/li>\n<li>Diff\u00e9rencier l\u2019IM de type 1 et de type 2.<\/li>\n<li>Expliquer l\u2019utilisation du test de troponine \u00e0 haute sensibilit\u00e9.<\/li>\n<\/ol>\n<p>&nbsp;<\/p>\n<p><img decoding=\"async\" src=\"https:\/\/cscc-sccc.ca\/wp-content\/uploads\/alpert100x150.jpg\" alt=\"Joseph Alpert\" align=\"right\"><strong>Joseph S. Alpert, MD,<\/strong> est professeur de m\u00e9decine au d\u00e9partement de m\u00e9decine de la facult\u00e9 de m\u00e9decine de l\u2019Universit\u00e9 de l\u2019Arizona (UA COM) \u00e0 Tucson et r\u00e9dacteur en chef de l\u2019American Journal of Medicine.<br \/>\nLe Dr Alpert est titulaire d\u2019un baccalaur\u00e9at de l\u2019Universit\u00e9 Yale et d\u2019un doctorat en m\u00e9decine de la Harvard Medical School. Il a effectu\u00e9 un internat, une r\u00e9sidence et une bourse de recherche \u00e0 l\u2019h\u00f4pital Brigham de Boston. Il a ensuite \u00e9t\u00e9 directeur de l\u2019unit\u00e9 de soins intensifs au Naval Regional Medical Center de San Diego et professeur adjoint de m\u00e9decine \u00e0 l\u2019Universit\u00e9 de Californie \u00e0 San Diego. Le Dr Alpert est ensuite retourn\u00e9 \u00e0 Boston en tant que directeur de l\u2019unit\u00e9 cardiaque Samuel A. Levine \u00e0 l\u2019h\u00f4pital Brigham. De 1978 \u00e0 1992, il a \u00e9t\u00e9 professeur et directeur de la division de m\u00e9decine cardiovasculaire \u00e0 la facult\u00e9 de m\u00e9decine de l\u2019Universit\u00e9 du Massachusetts. De 1992 \u00e0 2006, il a \u00e9t\u00e9 professeur et chef du service de m\u00e9decine \u00e0 l\u2019UA COM.<br \/>\nLe Dr Alpert est titulaire d\u2019une ma\u00eetrise de l\u2019American College of Physicians et membre de l\u2019American Heart Association, de l\u2019American College of Cardiology (ACC), de l\u2019American College of Chest Physicians et de la Soci\u00e9t\u00e9 europ\u00e9enne de cardiologie. Il a re\u00e7u de nombreux prix d\u2019excellence en enseignement de l\u2019h\u00f4pital Peter Brent Brigham, de la marine am\u00e9ricaine, de l\u2019Universit\u00e9 du Massachusetts et de la facult\u00e9 de m\u00e9decine de l\u2019Universit\u00e9 de l\u2019Arizona. En 2004, il a re\u00e7u le prix de l\u2019enseignant dou\u00e9 de l\u2019ACC. Il a si\u00e9g\u00e9 aux conseils d\u2019administration de l\u2019ACC, de l\u2019American Board of Internal Medicine et de l\u2019Association des professeurs d\u2019universit\u00e9. Il est l\u2019auteur et\/ou l\u2019\u00e9diteur de 50 livres et monographies et de plus de 700 publications. Il est le r\u00e9dacteur en chef de l\u2019American Journal of Medicine.<\/p>\n<p>&nbsp;<\/p>\n<p>&nbsp;<\/p>\n<p>&nbsp;<\/p>\n                    <\/div>\r\n                        <\/div>\r\n    <\/div><!-- .grid-container -->\r\n<\/div><!-- .wrapBlock.advanced-editor -->","protected":false},"featured_media":107790,"template":"","class_list":["post-114545","event","type-event","status-publish","has-post-thumbnail","hentry"],"acf":[],"_links":{"self":[{"href":"https:\/\/cscc-sccc.ca\/fr\/wp-json\/wp\/v2\/event\/114545","targetHints":{"allow":["GET"]}}],"collection":[{"href":"https:\/\/cscc-sccc.ca\/fr\/wp-json\/wp\/v2\/event"}],"about":[{"href":"https:\/\/cscc-sccc.ca\/fr\/wp-json\/wp\/v2\/types\/event"}],"wp:featuredmedia":[{"embeddable":true,"href":"https:\/\/cscc-sccc.ca\/fr\/wp-json\/wp\/v2\/media\/107790"}],"wp:attachment":[{"href":"https:\/\/cscc-sccc.ca\/fr\/wp-json\/wp\/v2\/media?parent=114545"}],"curies":[{"name":"wp","href":"https:\/\/api.w.org\/{rel}","templated":true}]}}